{"id":46,"date":"2019-04-17T13:36:51","date_gmt":"2019-04-17T10:36:51","guid":{"rendered":"http:\/\/teskongre.org\/fm2019\/?page_id=46"},"modified":"2020-01-06T12:11:46","modified_gmt":"2020-01-06T09:11:46","slug":"onur-kurulu","status":"publish","type":"page","link":"http:\/\/teskongre.org\/fm2019\/index.php\/onur-kurulu\/","title":{"rendered":"Onur Kurulu"},"content":{"rendered":"\n<p>Talip GEYLAN (T\u00fcrk E\u011fitim-Sen Genel Ba\u015fkan\u0131)<\/p>\n\n\n\n<p>Sattar MOHBAL\u0130YEV (Azerbaycan Ba\u011f\u0131ms\u0131z Sendikalar \u0130ttifak\u0131 Genel Ba\u015fkan\u0131)<\/p>\n\n\n\n<p>Maira AMANTEYAVA (Kazakistan \u0130lim ve E\u011fitim \u00c7al\u0131\u015fanlar\u0131 Sendikas\u0131 Genel Ba\u015fkan\u0131)<\/p>\n\n\n\n<p>Asylbek TOKTOKULOV (K\u0131rg\u0131zistan \u0130lim ve E\u011fitim \u00c7al\u0131\u015fanlar\u0131 Sendikas\u0131 Genel Ba\u015fkan\u0131)<\/p>\n\n\n\n<p>Akif GA\u015e (Kosova T\u00fcrk \u00d6\u011fretmenler Derne\u011fi Genel Ba\u015fkan\u0131)<\/p>\n\n\n\n<p>Elvin Hasan (Makedonya Ufuk Derne\u011fi Genel Ba\u015fkan\u0131)<\/p>\n\n\n\n<p>Abdulselam Bayraktar (Irak T\u00fcrkmen E\u011fitimcileri \u00d6\u011fretmen \u00d6rg\u00fct\u00fc Genel Ba\u015fkan\u0131)<\/p>\n\n\n\n<p>Ak\u0131n Manga- K\u0131br\u0131s T\u00fcrk Memur Sen Genel Ba\u015fkan\u0131<\/p>\n\n\n\n<p>Prof.Dr.Ayd\u0131n KARAPINAR -Ankara Hac\u0131 Bayram Veli \u00dcniversitesi Rekt\u00f6r Yrd.<\/p>\n","protected":false},"excerpt":{"rendered":"<p>Talip GEYLAN (T\u00fcrk E\u011fitim-Sen Genel Ba\u015fkan\u0131) Sattar MOHBAL\u0130YEV (Azerbaycan Ba\u011f\u0131ms\u0131z Sendikalar \u0130ttifak\u0131 Genel Ba\u015fkan\u0131) Maira AMANTEYAVA (Kazakistan \u0130lim ve E\u011fitim \u00c7al\u0131\u015fanlar\u0131 Sendikas\u0131 Genel Ba\u015fkan\u0131) Asylbek TOKTOKULOV (K\u0131rg\u0131zistan \u0130lim ve E\u011fitim \u00c7al\u0131\u015fanlar\u0131 Sendikas\u0131 Genel Ba\u015fkan\u0131) Akif GA\u015e (Kosova T\u00fcrk \u00d6\u011fretmenler Derne\u011fi Genel Ba\u015fkan\u0131) Elvin Hasan (Makedonya Ufuk Derne\u011fi Genel Ba\u015fkan\u0131) Abdulselam Bayraktar (Irak T\u00fcrkmen E\u011fitimcileri \u00d6\u011fretmen\u2026 <span class=\"read-more\"><a href=\"http:\/\/teskongre.org\/fm2019\/index.php\/onur-kurulu\/\">Read More &raquo;<\/a><\/span><\/p>\n","protected":false},"author":1,"featured_media":0,"parent":0,"menu_order":0,"comment_status":"closed","ping_status":"closed","template":"","meta":[],"_links":{"self":[{"href":"http:\/\/teskongre.org\/fm2019\/index.php\/wp-json\/wp\/v2\/pages\/46"}],"collection":[{"href":"http:\/\/teskongre.org\/fm2019\/index.php\/wp-json\/wp\/v2\/pages"}],"about":[{"href":"http:\/\/teskongre.org\/fm2019\/index.php\/wp-json\/wp\/v2\/types\/page"}],"author":[{"embeddable":true,"href":"http:\/\/teskongre.org\/fm2019\/index.php\/wp-json\/wp\/v2\/users\/1"}],"replies":[{"embeddable":true,"href":"http:\/\/teskongre.org\/fm2019\/index.php\/wp-json\/wp\/v2\/comments?post=46"}],"version-history":[{"count":4,"href":"http:\/\/teskongre.org\/fm2019\/index.php\/wp-json\/wp\/v2\/pages\/46\/revisions"}],"predecessor-version":[{"id":284,"href":"http:\/\/teskongre.org\/fm2019\/index.php\/wp-json\/wp\/v2\/pages\/46\/revisions\/284"}],"wp:attachment":[{"href":"http:\/\/teskongre.org\/fm2019\/index.php\/wp-json\/wp\/v2\/media?parent=46"}],"curies":[{"name":"wp","href":"https:\/\/api.w.org\/{rel}","templated":true}]}}