{"id":2,"date":"2019-04-17T13:00:21","date_gmt":"2019-04-17T10:00:21","guid":{"rendered":"http:\/\/teskongre.org\/fm2019\/?page_id=2"},"modified":"2019-04-27T11:28:00","modified_gmt":"2019-04-27T08:28:00","slug":"ornek-sayfa","status":"publish","type":"page","link":"http:\/\/teskongre.org\/fm2019\/","title":{"rendered":"ANA SAYFA"},"content":{"rendered":"\n<p>K\u0131ymetli Bilim \u0130nsanlar\u0131\u2026<br>\u0130nsano\u011fluna bilim her zaman bir \u015feyler vermi\u015ftir. \u00c7\u00fcnk\u00fc bilim; evrenin, evrendeki olgular\u0131n ve olaylar\u0131n bir b\u00f6l\u00fcm\u00fcn\u00fc ele al\u0131p birtak\u0131m y\u00f6ntem ve deney yollar\u0131 kullanarak ve ger\u00e7e\u011fe, ger\u00e7ekli\u011fe dayanarak birtak\u0131m yasalara ula\u015fan bilgi yolu, d\u00fczenli ve tutarl\u0131 bilgiye denir. Di\u011fer bir ifade ile y\u00f6ntemle elde edilen ve uygulamayla do\u011frulanan, her zaman ve her yerde ge\u00e7erlik ve kesinlik nitelikleri ta\u015f\u0131yan y\u00f6ntemli ve d\u00fczenli bilgidir. <br> T\u00fcrk D\u00fcnyas\u0131\u2019n\u0131 olu\u015fturan \u00fclkeler, co\u011frafi konumlar\u0131, tarihi ba\u011flar\u0131 ve soyda\u015fl\u0131k ili\u015fkilerinden dolay\u0131 d\u00fcnden bug\u00fcne \u00e7e\u015fitli i\u015fbirli\u011fi uygulamalar\u0131 geli\u015ftirmi\u015ftir. Bu i\u015fbirli\u011fi modellerindeki ortak problem, \u00e7al\u0131\u015fmalar\u0131n kapsam, s\u00fcrd\u00fcr\u00fclebilirlik ve 4. Sanayi devrimini kar\u015f\u0131layacak bilimsel haz\u0131rl\u0131klar a\u00e7\u0131s\u0131ndan tatmin edici seviyede olmamas\u0131d\u0131r. Ba\u015fta m\u00fchendislik ve fen bilimleri gibi sahalar olmak \u00fczere bir\u00e7ok alanda ger\u00e7ekle\u015ftirilecek ortak bilimsel kongre ve etkinlikler; T\u00fcrk D\u00fcnyas\u0131 i\u00e7inde yer alan ileti\u015fim ve kayna\u015fma s\u00fcre\u00e7lerine b\u00fcy\u00fck katk\u0131lar sa\u011flayacakt\u0131r. Ortak bilimsel faaliyetlerin k\u00fclt\u00fcre dayal\u0131 g\u00f6n\u00fcl k\u00f6pr\u00fclerini sa\u011flamla\u015ft\u0131raca\u011f\u0131 \u00e7ok a\u00e7\u0131kt\u0131r.<br> Sendikam\u0131zca d\u00fczenlenmekte olan bilimsel kongreler, bilimsel i\u015fbirli\u011fi ve bilgi payla\u015f\u0131m\u0131n\u0131n bir zorunluluk haline geldi\u011fi g\u00fcn\u00fcm\u00fcz \u015fartlar\u0131nda; T\u00fcrk D\u00fcnyas\u0131\u2019ndaki i\u015fbirli\u011fi giri\u015fimlerini bilimsel alanlara da ta\u015f\u0131ma gayretinin bir yans\u0131mas\u0131d\u0131r. T\u00fcrk D\u00fcnyas\u0131 aras\u0131ndaki i\u015fbirli\u011finin en \u00f6nemli noktalar\u0131ndan birisi bilimsel bilginin ve onun teknolojik yans\u0131malar\u0131n\u0131n payla\u015f\u0131m\u0131d\u0131r.<br> Bu ama\u00e7la, 7-10 Aral\u0131k 2017 tarihleri aras\u0131nda 1. T\u00fcrk D\u00fcnyas\u0131 M\u00fchendislik ve Fen Bilimleri Kongresini d\u00fczenlemi\u015ftik. \u00c7ok ba\u015far\u0131l\u0131 ve geni\u015f kat\u0131l\u0131ml\u0131 bu kongremizin ard\u0131ndan bu y\u0131l 7-10 Kas\u0131m 2019 tarihlerinde 2. Uluslararas\u0131 T\u00fcrk D\u00fcnyas\u0131 M\u00fchendislik ve Fen Bilimleri Kongresini d\u00fczenleyece\u011fiz. Kongreye T\u00fcrk E\u011fitim Sen ve Uluslararas\u0131 Avrasya E\u011fitim Sendikalar\u0131 Birli\u011fi\u2019ne \u00fcye olan kurulu\u015flar\u0131n mensuplar\u0131 kat\u0131labilecektir.<br> Uluslararas\u0131 T\u00fcrk D\u00fcnyas\u0131 M\u00fchendislik ve Fen Bilimleri Kongresi \u00e7o\u011fu geli\u015fmekte olan \u00fclke stat\u00fcs\u00fcndeki T\u00fcrk D\u00fcnyas\u0131 \u00fclkelerinin sosyal ve k\u00fclt\u00fcrel alandaki i\u015fbirli\u011fini m\u00fchendislik ve fen bilimlerine y\u00f6nelik alanlara da ta\u015f\u0131ma gayretinin bir yans\u0131mas\u0131d\u0131r. Bu t\u00fcr kongre ve organizasyonlar T\u00fcrk D\u00fcnyas\u0131\u2019n\u0131 olu\u015fturan \u00fclke ve topluluklar\u0131n bilim ve teknolojiyi olu\u015fturan bilgiyi payla\u015fabilmeleri a\u00e7\u0131s\u0131ndan \u00f6nemlidir. Bu nedenle Uluslararas\u0131 T\u00fcrk D\u00fcnyas\u0131 M\u00fchendislik ve Fen Bilimleri Kongresi\u2019nin oda\u011f\u0131 bilimsel bilginin payla\u015f\u0131m\u0131 olup hedefi T\u00fcrk D\u00fcnyas\u0131 aras\u0131ndaki birlik \u00fclk\u00fcs\u00fcne bilim ve teknoloji boyutuyla katk\u0131 sa\u011flamakt\u0131r.<br> Sendikalar, uluslararas\u0131 sivil toplum \u00f6rg\u00fctleri ve \u00fcniversitelerin ortakla\u015farak yapt\u0131\u011f\u0131 bu faaliyet, bu anlamda \u00fclkeler aras\u0131nda kuraca\u011f\u0131 ileti\u015fim k\u00f6pr\u00fcleri sayesinde ba\u015fta e\u011fitim kurumlar\u0131 ve sivil toplum gibi alanlarda da yeni i\u015fbirli\u011fi sahalar\u0131 olu\u015fturmaya vesile olacakt\u0131r. Bu t\u00fcr i\u015fbirli\u011fi platformlar\u0131ndaki bilimsel \u00e7al\u0131\u015fmalar; yeni bilgi ve y\u00f6ntemleri payla\u015fma, \u00fclkeler aras\u0131 bilim ve teknolojik geli\u015fmeleri takip etme, s\u0131n\u0131r a\u015fan sorunlara y\u00f6nelik \u00e7\u00f6z\u00fcmler \u00fcretme, siyasi ve k\u00fclt\u00fcrel yak\u0131nla\u015fmaya bilgi ve teknoloji boyutu ile katk\u0131 sa\u011flama, yeni ortakl\u0131klar\u0131n tesisi noktas\u0131nda \u00f6nemli rol oynayacakt\u0131r.<\/p>\n\n\n","protected":false},"excerpt":{"rendered":"<p>K\u0131ymetli Bilim \u0130nsanlar\u0131\u2026\u0130nsano\u011fluna bilim her zaman bir \u015feyler vermi\u015ftir. \u00c7\u00fcnk\u00fc bilim; evrenin, evrendeki olgular\u0131n ve olaylar\u0131n bir b\u00f6l\u00fcm\u00fcn\u00fc ele al\u0131p birtak\u0131m y\u00f6ntem ve deney yollar\u0131 kullanarak ve ger\u00e7e\u011fe, ger\u00e7ekli\u011fe dayanarak birtak\u0131m yasalara ula\u015fan bilgi yolu, d\u00fczenli ve tutarl\u0131 bilgiye denir. Di\u011fer bir ifade ile y\u00f6ntemle elde edilen ve uygulamayla do\u011frulanan, her zaman ve her yerde\u2026 <span class=\"read-more\"><a href=\"http:\/\/teskongre.org\/fm2019\/\">Read More &raquo;<\/a><\/span><\/p>\n","protected":false},"author":1,"featured_media":0,"parent":0,"menu_order":0,"comment_status":"closed","ping_status":"open","template":"","meta":[],"_links":{"self":[{"href":"http:\/\/teskongre.org\/fm2019\/index.php\/wp-json\/wp\/v2\/pages\/2"}],"collection":[{"href":"http:\/\/teskongre.org\/fm2019\/index.php\/wp-json\/wp\/v2\/pages"}],"about":[{"href":"http:\/\/teskongre.org\/fm2019\/index.php\/wp-json\/wp\/v2\/types\/page"}],"author":[{"embeddable":true,"href":"http:\/\/teskongre.org\/fm2019\/index.php\/wp-json\/wp\/v2\/users\/1"}],"replies":[{"embeddable":true,"href":"http:\/\/teskongre.org\/fm2019\/index.php\/wp-json\/wp\/v2\/comments?post=2"}],"version-history":[{"count":9,"href":"http:\/\/teskongre.org\/fm2019\/index.php\/wp-json\/wp\/v2\/pages\/2\/revisions"}],"predecessor-version":[{"id":139,"href":"http:\/\/teskongre.org\/fm2019\/index.php\/wp-json\/wp\/v2\/pages\/2\/revisions\/139"}],"wp:attachment":[{"href":"http:\/\/teskongre.org\/fm2019\/index.php\/wp-json\/wp\/v2\/media?parent=2"}],"curies":[{"name":"wp","href":"https:\/\/api.w.org\/{rel}","templated":true}]}}